{"id":52846,"date":"2026-04-05T09:50:30","date_gmt":"2026-04-05T07:50:30","guid":{"rendered":"https:\/\/niepokalana.ilawa.pl\/?post_type=sermon&#038;p=52846"},"modified":"2026-04-11T09:48:46","modified_gmt":"2026-04-11T07:48:46","slug":"biuletyn-parafialny-13-2026-05-04-2026-r","status":"publish","type":"sermon","link":"https:\/\/niepokalana.ilawa.pl\/index.php\/sermon\/biuletyn-parafialny-13-2026-05-04-2026-r\/","title":{"rendered":"Biuletyn parafialny 13\/2026 &#8211; 05.04.2026 r."},"content":{"rendered":"\n<p class=\"has-medium-font-size\"><strong>Og\u0142oszenia duszpasterskie 05.04.2026 r.<\/strong> <strong>&#8211; Niedziela Zmartwychwstania Pa\u0144skiego<\/strong><\/p>\n\n\n\n<p>1.Parafianom i Go\u015bciom przebywaj\u0105cym w I\u0142awie z racji Uroczysto\u015bci Zmartwychwstania Pa\u0144skiego w imieniu swoim i kap\u0142an\u00f3w pracuj\u0105cych w parafii chc\u0119 z\u0142o\u017cy\u0107 najserdeczniejsze \u017cyczenia. Niech Zmartwychwsta\u0142y Chrystus nape\u0142nia nasze serca niegasn\u0105c\u0105 nadziej\u0105, niech spotkanie z pustym ju\u017c grobem Zbawiciela przypomina nam, \u017ce Jezus jest Panem tego, co niemo\u017cliwe. Nie ma wi\u0119c takiego g\u0142azu, kt\u00f3ry by\u0107 mo\u017ce dzisiaj Ciebie przygniata, kt\u00f3rego z Jezusem nie daliby\u015bmy rady odrzuci\u0107. Niech spotkanie ze Zmartwychwsta\u0142ym Panem, kt\u00f3ry daje si\u0119 nam pozna\u0107 w czasie ka\u017cdej Mszy \u015bw. w S\u0142owie i przy \u0141amaniu Chleba, czyni nasze \u017cycie lepszym, pi\u0119kniejszym i spokojniejszym. Chrystus Zmartwychwsta\u0142 Alleluja!<\/p>\n\n\n\n<p>Pragn\u0119 bardzo serdecznie podzi\u0119kowa\u0107: Wsp\u00f3lnocie Odnowy w Duchu \u015awietnym za pos\u0142ug\u0119 przy zbieraniu Ofiar na kwiaty i dekoracje do ciemnicy i Grobu Pa\u0144skiego. Dzi\u0119kuj\u0119 Komendzie Powiatowej Policji w I\u0142awie za trosk\u0119 o bezpiecze\u0144stwo podczas Drogi Krzy\u017cowej ulicami naszej Parafii. Dzi\u0119kuj\u0119 Panu Zbigniewowi Przepi\u00f3rskiemu oraz Panu Antoniemu Sikorskiemu za nieocenion\u0105 pomoc przy monta\u017cu dekoracji. Dzi\u0119kuj\u0119 S\u0142u\u017cbie Liturgicznej i scholii muzycznej za asyst\u0119 liturgiczn\u0105 i \u015bpiew. Dzi\u0119kuj\u0119 bardzo serdecznie Pani Natalii Lenckowskiej z Pracowni Florystycznej Busz i Susz w I\u0142awie za przygotowanie dekoracji z kwiat\u00f3w do grobu Pa\u0144skiego i prezbiterium. Serdeczne podzi\u0119kowania dla Kap\u0142an\u00f3w: dla ks. Dawida za opraw\u0119 liturgiczn\u0105 i ks. Piotra za opraw\u0119 muzyczn\u0105 oraz dla ks. Aleksandra za wykonanie grobu i ciemnicy. Dzi\u0119kuj\u0119 Panom Ko\u015bcielnym i Panu Organi\u015bcie.<\/p>\n\n\n\n<p>2. Dzisiaj porz\u0105dek Mszy \u015bw. jak w ka\u017cd\u0105 niedziel\u0119. Nie b\u0119dzie Mszy \u015bw. o godzinie 7.00. (Zapraszamy na Msze \u015bw. o godzinie: 8.15, 9.30, 10.45, 12.00, 13.15 i 18.00).<\/p>\n\n\n\n<p>3. W II Dzie\u0144 \u015awi\u0105t Wielkanocnych (Poniedzia\u0142ek Wielkanocny) porz\u0105dek Mszy \u015bw. jak w ka\u017cd\u0105 niedziel\u0119. W tym dniu zabrana taca zostanie przeznaczona na potrzeby Katolickiego Uniwersytetu Lubelskiego.<\/p>\n\n\n\n<p>4. Za tydzie\u0144 II Niedziela Wielkanocna (Niedziela Mi\u0142osierdzia): zbi\u00f3rka ofiar do puszek na dzie\u0142a charytatywne prowadzone przez Caritas.<\/p>\n\n\n\n<p>5. Nowenna przed Niedziel\u0105 Mi\u0142osierdzia Bo\u017cego dzisiaj o godzinie 15.00 w Ko\u015bciele, w pozosta\u0142e dni o 15.00 w kaplicy adoracji.<\/p>\n\n\n\n<p>6. Przez ca\u0142y tydzie\u0144 trwa Oktawa Wielkanocy, dlatego w pi\u0105tek mo\u017cna spo\u017cywa\u0107 pokarmy mi\u0119sne.<\/p>\n\n\n\n<p>7. W sobot\u0119 25 kwietnia zapraszamy na rowerow\u0105 pielgrzymk\u0119 do \u015awi\u0119tego Gaju \u2013 miejsca m\u0119cze\u0144skiej \u015bmierci \u015awi\u0119tego Wojciecha \u2013 na diecezjalne uroczysto\u015bci ku czci Patrona naszej Diecezji. Pielgrzymka wyruszy z naszego Ko\u015bcio\u0142a o godzinie 7.15, trasa liczy oko\u0142o 56 kilometr\u00f3w i b\u0119dzie wiod\u0142a przez Susz i Dzierzgo\u0144. Wszystkich ch\u0119tnych prosimy o rozpocz\u0119cie treningu oraz ze wzgl\u0119d\u00f3w organizacyjnych, o zg\u0142aszanie si\u0119 do kancelarii parafialnej, zakrystii lub ks. Dawida.<\/p>\n\n\n\n<p>7. Kancelaria parafialna w tym tygodniu czynna w czwartek 16.00-17.00 i pi\u0105tek 9.00-10.00 i 16.00-17.00. W poniedzia\u0142ek kancelaria jest nieczynna.<\/p>\n\n\n\n<p>8. Do pi\u0105tkowego sprz\u0105tania ko\u015bcio\u0142a prosimy Parafian z ulic: Mickiewicza, M\u0142awskiej, Nowomiejskiej.<\/p>\n\n\n\n<p>9. Przy wyj\u015bciu z ko\u015bcio\u0142a tradycyjnie do nabycia nowy numer \u201eGo\u015bcia Niedzielnego\u201d. Zach\u0119camy tak\u017ce do zabierania Biuletynu parafialnego.<\/p>\n\n\n\n<p>10. W minionym tygodniu po\u017cegnali\u015bmy:<\/p>\n\n\n\n<p>\u015ap. Ludwik Jurkiewicz, lat 90, ul. Ko\u015bciuszki<\/p>\n\n\n\n<p>\u015ap. Zofia Krystyna Grosz, lat 89, ul. K\u0119trzy\u0144ska<\/p>\n\n\n\n<p>\u015ap. Genowefa Zieli\u0144ska, lat 91, ul. Nowomiejska<\/p>\n\n\n\n<p>\u015ap. Henryk Kurek, lat 79, ul. D\u0142uga<\/p>\n\n\n\n<p>\u015ap. Les\u0142aw Mi\u0142oszewski, lat 58, ul. Jagie\u0142\u0142y<\/p>\n\n\n\n<p>\u015ap. Teresa Regina Gu\u015b\u0107, lat 80, ul. Wojska Polskiego<\/p>\n\n\n\n<p class=\"has-text-align-center has-large-font-size\"><strong>INTENCJE MSZALNE<\/strong><\/p>\n\n\n\n<figure class=\"wp-block-table\"><table class=\"has-fixed-layout\"><tbody><tr><td colspan=\"2\"><strong>06.04.2026 r. <em>Poniedzia\u0142ek w Oktawie Wielkanocy<\/em><\/strong><\/td><\/tr><tr><td><strong>07:00<\/strong><\/td><td>\u015ap. Kazimierz, Genowefa Gru\u017alewscy, Irena Sza\u0142kowska, Teresa Szantyr<\/td><\/tr><tr><td><strong>08:15<\/strong><\/td><td>Dzi\u0119kczynna za otrzymane \u0142aski z pro\u015bb\u0105 o dalsz\u0105 opiek\u0119 dla ca\u0142ej rodziny<\/td><\/tr><tr><td><strong>08:15<\/strong><\/td><td>\u015ap. Jaros\u0142aw Rybi\u0144ski (2 Msza gregoria\u0144ska)<\/td><\/tr><tr><td><a><strong>09:30<\/strong><\/a><\/td><td>\u015ap. Jan, Ryszard Gawi\u0144ski, Gizela, Irena, Roman, Bernard Tec\u0142aw i rodzice z obojgu stron<\/td><\/tr><tr><td><strong>&nbsp;10:45<\/strong><\/td><td>\u015ap. Edward, Wiktor, Mariusz Bre\u0144kowscy, Irena, Edward, Krzysztof, Ireneusz, B\u0142aszczyk, Monika, Janusz Szwarc<\/td><\/tr><tr><td><strong>&nbsp;12:00<\/strong><\/td><td>\u015ap. Agnieszka, Leon Lewandowscy w (rocz. \u015bm.) i za zmar\u0142ych z rodziny<\/td><\/tr><tr><td><strong>&nbsp;12:00<\/strong><\/td><td>Dzi\u0119kczynna z okazji 42 urodzin Kamila Tomasika z pro\u015bb\u0105 o Bo\u017ce b\u0142ogos\u0142awie\u0144stwo i opiek\u0119 Maryi na dalsze lata \u017cycia<\/td><\/tr><tr><td><strong>&nbsp;13:15<\/strong><\/td><td>\u015ap. Kazimierz Szal w (rocz. urodzin), zmarli bracia i rodzice z obojga stron<\/td><\/tr><tr><td><strong>&nbsp;18:00<\/strong><\/td><td>\u015ap. zmarli z rodziny Miros\u0142aw\u00f3w i Ziemia\u0144skich<\/td><\/tr><tr><td colspan=\"2\"><strong>07.04.2026 <em>Wtorek w oktawie Wielkanocy<\/em><\/strong><em><\/em><\/td><\/tr><tr><td><strong>07:00<\/strong><\/td><td>\u015ap. Jaros\u0142aw Rybi\u0144ski (3 Msza gregoria\u0144ska)<\/td><\/tr><tr><td><strong>07:00<\/strong><\/td><td>\u015ap. Gertruda Zybert (Msza popogrzebowa)<\/td><\/tr><tr><td><strong>18:00<\/strong><\/td><td>W intencjach powierzanych w modlitwie SOS i za potrzebuj\u0105cych modlitwy<\/td><\/tr><tr><td><strong>18:00<\/strong><\/td><td>\u015ap. J\u00f3zef Konieczny i Henryka \u015aenduch<\/td><\/tr><tr><td><strong>18:00<\/strong><\/td><td>\u015ap. Roman (2 rocz. \u015bm.), Bernard, Pawe\u0142 Szczech, Teresa, J\u00f3zef Tkaczyk, zmarli dziadkowie i babcie<\/td><\/tr><tr><td colspan=\"2\"><strong>08.04.2026 <em>\u015aroda w oktawie Wielkanocy<\/em><\/strong><strong><em><\/em><\/strong><\/td><\/tr><tr><td><strong>07:00<\/strong><\/td><td>O Bo\u017ce b\u0142ogos\u0142awie\u0144stwo dla dzieci, wnuk\u00f3w i prawnuk\u00f3w, aby Pan Jezus umacnia\u0142 ich na drodze wiary, nadziei i mi\u0142o\u015bci<\/td><\/tr><tr><td><strong>07:00<\/strong><\/td><td>\u015ap. Gertruda Siemi\u0119tkowska<\/td><\/tr><tr><td><strong>18:00<\/strong><\/td><td>\u015ap. Jaros\u0142aw Rybi\u0144ski (4 Msza gregoria\u0144ska)<\/td><\/tr><tr><td><strong>18:00<\/strong><\/td><td>O Bo\u017ce b\u0142ogos\u0142awie\u0144stwo i potrzebne \u0142aski w 85 urodziny dla Dionizego Szelugi<\/td><\/tr><tr><td><strong>18:00<\/strong><\/td><td>\u015ap. m\u0105\u017c Kazimierz J\u0119drzejewski (7 rocz. \u015bm.), zmarli z rodziny J\u0119drzejewskich, \u0141ydzi\u0144skich i Szynkowskich &nbsp;<\/td><\/tr><tr><td colspan=\"2\"><strong>09.04.2026 <em>Czwartek w oktawie Wielkanocy<\/em><\/strong><strong><em><\/em><\/strong><\/td><\/tr><tr><td><strong>07:00<\/strong><\/td><td>\u015ap. Kinga (2 rocz. \u015bm.), z pro\u015bb\u0105 o dar \u017cycia wiecznego za wstawiennictwem Micha\u0142a Archanio\u0142a<\/td><\/tr><tr><td><strong>07:00<\/strong><\/td><td>\u015ap. Jan Lewandowski (Msza popogrzebowa)<\/td><\/tr><tr><td><strong>18:00<\/strong><\/td><td>W intencji cz\u0142onk\u00f3w Odnowy w Duchu \u015bw. i ich rodzin, pro\u015bb\u0105 o dary i charyzmaty Ducha \u015bw., \u0142ask\u0119 wzrastania w wierze, nadziei i mi\u0142o\u015bci<\/td><\/tr><tr><td><strong>18:00<\/strong><\/td><td>\u015ap. Stefan Ciechanowski (16 rocz. \u015bm.) i zmarli rodzice Weronika, Walenty, W\u0142adys\u0142awa i Sylwester<\/td><\/tr><tr><td><strong>18:00<\/strong><\/td><td>\u015ap. Jaros\u0142aw Rybi\u0144ski (5 Msza gregoria\u0144ska)<\/td><\/tr><tr><td colspan=\"2\"><strong>10.04.2026 <em>Pi\u0105tek w oktawie Wielkanocy<\/em><\/strong><em><\/em><\/td><\/tr><tr><td><strong>07:00<\/strong><\/td><td>\u015ap. Edyta Moszczy\u0144ska (1 rocz. \u015bm.)<\/td><\/tr><tr><td><strong>07:00<\/strong><\/td><td>O Bo\u017ce b\u0142ogos\u0142awie\u0144stwo, potrzebne \u0142aski dla El\u017cbiety z okazji 60 rocz. urodzin \u2013 intencja od m\u0119\u017ca, dzieci i wnuk\u00f3w<\/td><\/tr><tr><td><strong>15:00<\/strong><\/td><td>O \u0142ask\u0119 zdrowia i szcz\u0119\u015bliwy przebieg operacji dla S\u0142awomira Goli\u0144skiego (intencja od pracownik\u00f3w firmy Czajka)<\/td><\/tr><tr><td><strong>18:00<\/strong><\/td><td>W intencji dusz czy\u015b\u0107owych<\/td><\/tr><tr><td><strong>18:00<\/strong><\/td><td>\u015ap. Maria, Alojzy Zedlewscy i Wojciech Stackowicz<\/td><\/tr><tr><td><strong>18:00<\/strong><\/td><td>\u015ap. Jaros\u0142aw Rybi\u0144ski (6 Msza gregoria\u0144ska)<\/td><\/tr><tr><td colspan=\"2\"><strong>11.04.2026 <em>Sobota w oktawie Wielkanocy<\/em><\/strong><em><\/em><\/td><\/tr><tr><td><strong>07:00<\/strong><\/td><td>O zdrowie i Bo\u017ce b\u0142ogos\u0142awie\u0144stwo dla cz\u0142onk\u00f3w \u017bywego R\u00f3\u017ca\u0144ca i ich rodzin<\/td><\/tr><tr><td><strong>07:00<\/strong><\/td><td>\u015ap. Jaros\u0142aw Rybi\u0144ski (7 Msza gregoria\u0144ska)<\/td><\/tr><tr><td><strong>13:00<\/strong><\/td><td>Msza dzi\u0119kczynno-b\u0142agalna za 50 lat \u017cycia ma\u0142\u017ce\u0144skiego Tereski i Ryszarda z pro\u015bb\u0105 o Bo\u017ce b\u0142ogos\u0142awie\u0144stwo i potrzebne \u0142aski dla dzieci i wnuk\u00f3w<\/td><\/tr><tr><td><strong>18:00<\/strong><\/td><td>\u015ap. J\u00f3zef Aniszczyk (1 rocz. \u015bm.) &nbsp;<\/td><\/tr><tr><td><strong>18:00<\/strong><\/td><td>\u015ap. Przemys\u0142aw Meller (18 rocz. \u015bm.)<\/td><\/tr><tr><td colspan=\"2\"><strong>12.04.2026 <em>II Niedziela Wielkanocna (Mi\u0142osierdzia Bo\u017cego)<\/em><\/strong><\/td><\/tr><tr><td><strong>07:00<\/strong><\/td><td>W intencji dzieci obj\u0119tych modlitw\u0105 rodzic\u00f3w z \u017bywego R\u00f3\u017ca\u0144ca<\/td><\/tr><tr><td><strong>08:15<\/strong><\/td><td>Msza dzi\u0119kczynna z okazji 51 rocznicy \u015blubu Janiny i Edwarda z podzi\u0119kowaniem za otrzymane \u0142aski oraz z pro\u015bb\u0105 o dalsz\u0105 opiek\u0119 i zdrowie Maryi dla Jubilat\u00f3w i ich rodziny.<\/td><\/tr><tr><td><strong>08:15<\/strong><\/td><td>\u015ap. Jaros\u0142aw Rybi\u0144ski (8 Msza gregoria\u0144ska)<\/td><\/tr><tr><td><strong>09:30<\/strong><\/td><td>\u015ap. m\u0105\u017c Marek Lewandowski (3 rocz. \u015bm.) i wnuczka Aleksandra Mr\u00f3z<\/td><\/tr><tr><td><strong>09:30<\/strong><\/td><td>\u015ap. W\u0142odzimierz (5 rocz. \u015bm.), rodzice Zofia i Stanis\u0142aw i siostra Cecylia<\/td><\/tr><tr><td><strong>10:45<\/strong><\/td><td>\u015ap. Sylwester Krakowiak, Franciszka, Jan, Krystyna, Jan, Ludwik Cali\u0144scy, Halina Pniewska<\/td><\/tr><tr><td><strong>12:00<\/strong><\/td><td>\u015ap. syn Micha\u0142 Rosmanowski (15 rocz. \u015bm.) i rodzice z obojga stron, Anna, W\u0142odzimierz \u017ba\u0142obak, Kazimiera i Ireneusz Rosmanowscy<\/td><\/tr><tr><td><strong>13:15<\/strong><\/td><td>\u015ap. Boles\u0142aw Wrze\u015bniak<\/td><\/tr><tr><td><strong>18:00<\/strong><\/td><td>\u015ap. Halina Szyma\u0144ska (we wspomnienie ziemskich urodzin)<\/td><\/tr><\/tbody><\/table><\/figure>\n\n\n\n<p><\/p>\n","protected":false},"excerpt":{"rendered":"<p>Og\u0142oszenia duszpasterskie 05.04.2026 r. &#8211; Niedziela Zmartwychwstania Pa\u0144skiego 1.Parafianom i Go\u015bciom przebywaj\u0105cym w I\u0142awie z racji Uroczysto\u015bci Zmartwychwstania Pa\u0144skiego w imieniu swoim i kap\u0142an\u00f3w pracuj\u0105cych w parafii chc\u0119 z\u0142o\u017cy\u0107 najserdeczniejsze \u017cyczenia. Niech Zmartwychwsta\u0142y Chrystus nape\u0142nia nasze serca niegasn\u0105c\u0105 nadziej\u0105, niech spotkanie z pustym ju\u017c grobem Zbawiciela przypomina nam, \u017ce Jezus jest Panem tego, co niemo\u017cliwe&#8230;.<\/p>\n","protected":false},"author":1,"featured_media":52849,"template":"","meta":{"_acf_changed":false},"sermons-category":[],"class_list":["post-52846","sermon","type-sermon","status-publish","has-post-thumbnail","hentry"],"acf":[],"_links":{"self":[{"href":"https:\/\/niepokalana.ilawa.pl\/index.php\/wp-json\/wp\/v2\/sermon\/52846","targetHints":{"allow":["GET"]}}],"collection":[{"href":"https:\/\/niepokalana.ilawa.pl\/index.php\/wp-json\/wp\/v2\/sermon"}],"about":[{"href":"https:\/\/niepokalana.ilawa.pl\/index.php\/wp-json\/wp\/v2\/types\/sermon"}],"author":[{"embeddable":true,"href":"https:\/\/niepokalana.ilawa.pl\/index.php\/wp-json\/wp\/v2\/users\/1"}],"version-history":[{"count":5,"href":"https:\/\/niepokalana.ilawa.pl\/index.php\/wp-json\/wp\/v2\/sermon\/52846\/revisions"}],"predecessor-version":[{"id":52854,"href":"https:\/\/niepokalana.ilawa.pl\/index.php\/wp-json\/wp\/v2\/sermon\/52846\/revisions\/52854"}],"wp:featuredmedia":[{"embeddable":true,"href":"https:\/\/niepokalana.ilawa.pl\/index.php\/wp-json\/wp\/v2\/media\/52849"}],"wp:attachment":[{"href":"https:\/\/niepokalana.ilawa.pl\/index.php\/wp-json\/wp\/v2\/media?parent=52846"}],"wp:term":[{"taxonomy":"sermons-category","embeddable":true,"href":"https:\/\/niepokalana.ilawa.pl\/index.php\/wp-json\/wp\/v2\/sermons-category?post=52846"}],"curies":[{"name":"wp","href":"https:\/\/api.w.org\/{rel}","templated":true}]}}