{"id":52861,"date":"2026-04-19T07:31:48","date_gmt":"2026-04-19T05:31:48","guid":{"rendered":"https:\/\/niepokalana.ilawa.pl\/?post_type=sermon&#038;p=52861"},"modified":"2026-04-19T07:33:13","modified_gmt":"2026-04-19T05:33:13","slug":"biuletyn-parafialny-15-2026-19-04-2026-r","status":"publish","type":"sermon","link":"https:\/\/niepokalana.ilawa.pl\/index.php\/sermon\/biuletyn-parafialny-15-2026-19-04-2026-r\/","title":{"rendered":"Biuletyn parafialny 15\/2026 \u2013 19.04.2026 r."},"content":{"rendered":"\n<p class=\"has-large-font-size\"><strong>Og\u0142oszenia duszpasterskie 19.04.2026 r. &#8211; III Niedziela Wielkanocna <\/strong><\/p>\n\n\n\n<p>1. Trzecia Niedziela Wielkanocy obchodzona jest w Ko\u015bciele w Polsce jako Niedziela Biblijna, rozpoczyna ona og\u00f3lnopolski Tydzie\u0144 Biblijny, kt\u00f3rego celem jest zach\u0119ta do czytania i medytacji Pisma \u015awi\u0119tego.<\/p>\n\n\n\n<p>2. W minion\u0105 sobot\u0119 grupa ponad 50 os\u00f3b z naszej parafii i nie tylko, wraz z Ksi\u0119dzem Dawidem i Ksi\u0119dzem Piotrem wyruszyli na pielgrzymk\u0119 do Fatimy. Pielgrzymi szcz\u0119\u015bliwie powr\u00f3cili do domu z figur\u0105 Matki Bo\u017cej Fatimskiej oraz maryjn\u0105 kap\u0105 i srebrn\u0105 paten\u0105, kt\u00f3re s\u0105 darem pielgrzym\u00f3w dla naszej parafii. W ten spos\u00f3b w naszej parafii zainaugurujemy od 13 maja nabo\u017ce\u0144stwo fatimskie.<\/p>\n\n\n\n<p>3. W czwartek 23 kwietnia przypada uroczysto\u015b\u0107 \u015bw. Wojciecha Biskupa i M\u0119czennika, g\u0142\u00f3wnego patrona Polski oraz patrona Diecezji Elbl\u0105skiej. To tak\u017ce dzie\u0144 imienin ks. Biskupa Diecezjalnego, pami\u0119tajmy w modlitwie o Dostojnym Solenizancie.<\/p>\n\n\n\n<p>W sobot\u0119 25 kwietnia obchodzimy \u015bwi\u0119to \u015bw. Marka Ewangelisty.<\/p>\n\n\n\n<p>4. W sobot\u0119 25 kwietnia zapraszamy na rowerow\u0105 pielgrzymk\u0119 do \u015awi\u0119tego Gaju \u2013 miejsca m\u0119cze\u0144skiej \u015bmierci \u015awi\u0119tego Wojciecha \u2013 na diecezjalne uroczysto\u015bci ku czci Patrona naszej Diecezji. Pielgrzymka wyruszy z naszego ko\u015bcio\u0142a o godzinie 7.00, trasa liczy oko\u0142o 56 kilometr\u00f3w i b\u0119dzie wiod\u0142a przez Susz i Dzierzgo\u0144. Wszystkich ch\u0119tnych prosimy o zg\u0142aszanie si\u0119 do kancelarii parafialnej, zakrystii lub ks. Dawida.<\/p>\n\n\n\n<p>5. W sobot\u0119 25 kwietnia nasza parafia organizuje tak\u017ce wyjazd do Niepokalanowa na IX Og\u00f3lnopolskie Spotkanie Apostolatu Margaretka. Zapisy po wieczornej Mszy \u015bw. od poniedzia\u0142ku do czwartku w salce parafialnej.<\/p>\n\n\n\n<p>6. Kancelaria parafialna w tym tygodniu czynna w sta\u0142ym porz\u0105dku: poniedzia\u0142ek w godzinach 9.00 &#8211; 10.00, czwartek 16.00-17.00, pi\u0105tek 9.00-10.00 i 16.00-17.00.<\/p>\n\n\n\n<p>7. W najbli\u017cszy czwartek 23 kwietnia o godzinie 19.00 w ko\u015bciele odb\u0119dzie si\u0119 kolejne spotkanie dla rodzic\u00f3w dzieci, kt\u00f3re w tym roku szkolnym przyst\u0105pi\u0105 do pierwszej Spowiedzi i Komunii \u015awi\u0119tej. Spotkanie jest obowi\u0105zkowe.<\/p>\n\n\n\n<p>8. W niedziel\u0119 26 kwietnia o godzinie 19.00 w naszym ko\u015bciele odb\u0119dzie si\u0119 kolejny Wiecz\u00f3r Uwielbienia prowadzony przez Wsp\u00f3lnot\u0119 odnowy w Duchu \u015awi\u0119tym. Serdecznie zapraszamy.<\/p>\n\n\n\n<p>9. B\u00f3g zap\u0142a\u0107 za \u017cyczliwo\u015b\u0107 i trosk\u0119 o nasz\u0105 parafi\u0119. W tym tygodniu rozpocznie si\u0119 pierwszy etap wymiany pokrycia schod\u00f3w przed g\u0142\u00f3wnym wej\u015bciem do ko\u015bcio\u0142a. Ponadto trwa gruntowny remont zakrystii. Serdecznie dzi\u0119kuj\u0119 Wojownikom Maryi i \u017cyczliwym parafianom za pomoc w demonta\u017cu ciemnicy i Grobu Pa\u0144skiego. B\u00f3g zap\u0142a\u0107 raz jeszcze za wszelkie dobro.<\/p>\n\n\n\n<p>10. Do pi\u0105tkowego sprz\u0105tania ko\u015bcio\u0142a prosimy Parafian z ulic: Sobieskiego i Toru\u0144skiej.<\/p>\n\n\n\n<p>11. Przy wyj\u015bciu z ko\u015bcio\u0142a tradycyjnie do nabycia nowy numer \u201eGo\u015bcia Niedzielnego\u201d. Zach\u0119camy tak\u017ce do zabierania Biuletynu parafialnego.<\/p>\n\n\n\n<p>12. W minionym tygodniu po\u017cegnali\u015bmy:<\/p>\n\n\n\n<p>\u015ap. Regina Marianna Bujalska, lat 89, ul. 1 Maja<\/p>\n\n\n\n<p>\u015ap. Marianna Teresa Tomanek, lat 87, ul. Kasprowicza<\/p>\n\n\n\n<p>\u015ap. Edmund Tymrek, lat 80, ul. Grunwaldzka<\/p>\n\n\n\n<p class=\"has-text-align-center has-large-font-size\">INTENCJE MSZALNE<\/p>\n\n\n\n<figure class=\"wp-block-table\"><table class=\"has-fixed-layout\"><tbody><tr><td colspan=\"2\"><strong>Poniedzia\u0142ek 20.04.2026 <\/strong><\/td><\/tr><tr><td><strong>07:00<\/strong><\/td><td>\u015ap. m\u0105\u017c Jan Sadowski (5 rocz. \u015bm.), te\u015bciowie Genowefa i Tadeusz Sadowscy, rodzice Irena i Leon Baliccy<\/td><\/tr><tr><td><strong>18:00<\/strong><\/td><td>\u015ap. Jaros\u0142aw Rybi\u0144ski (16 Msza gregoria\u0144ska)<\/td><\/tr><tr><td><strong>18:00<\/strong><\/td><td>\u015ap. zmarli z rodziny Golder: Alfons, Pelagia, Kazimierz i Andrzej &nbsp;(2 rocz. \u015bm.)<\/td><\/tr><tr><td><strong>18:00<\/strong><\/td><td>\u015ap. Jan, Marianna, Pawe\u0142, Marianna, Marcin, Katarzyna, W\u0142adys\u0142aw, Janina<\/td><\/tr><tr><td colspan=\"2\"><strong>Wtorek 21.04.2026 <\/strong><\/td><\/tr><tr><td><strong>07:00<\/strong><\/td><td>Dzi\u0119kczynna za dar \u017cycia i sakrament I Komunii \u015bwi\u0119te, z pro\u015bb\u0105 o b\u0142ogos\u0142awie\u0144stwo Bo\u017ce oraz opiek\u0119 Matki Bo\u017cej Kr\u00f3lowej Mi\u0142osierdzia dla Marioli B\u0142achnio<\/td><\/tr><tr><td><strong>07:00<\/strong><\/td><td>O Bo\u017ce b\u0142ogos\u0142awie\u0144stwo i potrzebne \u0142aski dla Eli Marciniak z okazji kolejnej rocznicy urodzin<\/td><\/tr><tr><td><strong>18:00<\/strong><\/td><td>\u015ap. Kazimiera Dolecka (rocz. \u015bm.)<\/td><\/tr><tr><td><strong>18:00<\/strong><\/td><td>\u015ap. Jaros\u0142aw Rybi\u0144ski (17 Msza gregoria\u0144ska)<\/td><\/tr><tr><td><strong>18:00<\/strong><\/td><td>\u015ap. Janina, Bronis\u0142aw, Edward, Kazimierz Lewandowscy i Miros\u0142awa oraz zmarli z rodziny<\/td><\/tr><tr><td colspan=\"2\"><strong>\u015aroda 22.04.2026 <\/strong><strong><em><\/em><\/strong><\/td><\/tr><tr><td><strong>07:00<\/strong><\/td><td>\u015ap. El\u017cbieta i Czes\u0142aw Wasilewscy oraz zmarli rodzice<\/td><\/tr><tr><td><strong>07:00<\/strong><\/td><td>\u015ap. Mieczys\u0142aw Wasilka (Msza popogrzebowa)<\/td><\/tr><tr><td><strong>18:00<\/strong><\/td><td>O zdrowie i Bo\u017ce b\u0142ogos\u0142awie\u0144stwo dla cz\u0142onk\u00f3w \u017bywego R\u00f3\u017ca\u0144ca i ich rodzin<\/td><\/tr><tr><td><strong>18:00<\/strong><\/td><td>\u015ap. Jaros\u0142aw Rybi\u0144ski (18 Msza gregoria\u0144ska)<\/td><\/tr><tr><td><strong>18:00<\/strong><\/td><td>\u015ap. Leon Anielski (23 rocz. \u015bm.) oraz zmarli z rodziny: Sadowskich i Anielskich<\/td><\/tr><tr><td><strong>18:00<\/strong><\/td><td>O dar nieba dla \u015bp. Jerzego Zab\u0142otnego (Msza od Odnowy w Duchu \u015bw.)<\/td><\/tr><tr><td colspan=\"2\"><strong>Czwartek 23.04.2026 &#8211; <em>Uroczysto\u015b\u0107 \u015bw. Wojciecha Biskupa i M\u0119czennika<\/em><\/strong><strong><em><\/em><\/strong><\/td><\/tr><tr><td><strong>07:00<\/strong><\/td><td>\u015ap. Jaros\u0142aw Rybi\u0144ski (19 Msza gregoria\u0144ska)<\/td><\/tr><tr><td><strong>07:00<\/strong><\/td><td>\u015ap. Irena Balicka (5 rocz. \u015bm.) i Jan Sadowski (5 rocz. \u015bm.)<\/td><\/tr><tr><td><strong>18:00<\/strong><\/td><td>\u015ap. Piotr Rolkowski (we wspomnienie urodzin)<\/td><\/tr><tr><td><strong>18:00<\/strong><\/td><td>\u015ap. Czes\u0142awa (k) Owczarczyk \u2013 intencja mszalna od kole\u017canek<\/td><\/tr><tr><td><strong>18:00<\/strong><\/td><td>O zbawienie zmar\u0142ych: Jerzy Wasiak i rodzice z obu stron<\/td><\/tr><tr><td colspan=\"2\"><strong>Pi\u0105tek 24.04.2026<\/strong><em><\/em><\/td><\/tr><tr><td><strong>07:00<\/strong><\/td><td>\u015ap. Jerzy (w rocznice imienin) i S\u0142awomir<\/td><\/tr><tr><td><strong>07:00<\/strong><\/td><td>O zdrowie i Bo\u017ce b\u0142ogos\u0142awie\u0144stwo dla Bernadetty \u015awiderskiej (intencja mszalna od kole\u017canek: Elizy i Edyty)<\/td><\/tr><tr><td><strong>08:00<\/strong><\/td><td>Msza \u015bwi\u0119ta na zako\u0144czenie roku szkolnego klasy maturalnej (Technikum budowlane)<\/td><\/tr><tr><td><strong>18:00<\/strong><\/td><td>\u015ap. Jaros\u0142aw Rybi\u0144ski (20 Msza gregoria\u0144ska)<\/td><\/tr><tr><td><strong>18:00<\/strong><\/td><td>\u015ap. Janina (26 rocz. \u015bm.), Wac\u0142aw, Andrzej, Wincenty, \u0141ucja, Halina, Krankowscy, J\u00f3zef, Franciszka (k) Wysoccy<\/td><\/tr><tr><td><strong>18:00<\/strong><\/td><td>\u015ap. Roman Tec\u0142aw (35 rocz. \u015bm.) oraz rodzice z obojga stron i zmarli z rodziny<\/td><\/tr><tr><td colspan=\"2\"><strong>Sobota 25.04.2026 &#8211; <em>\u015awi\u0119to \u015bw. Marka, ewangelisty<\/em><\/strong><em><\/em><\/td><\/tr><tr><td><strong>07:00<\/strong><\/td><td>\u015ap. Janusz Wa\u015bniewski i Franciszek Golwiej i zmarli z rodziny<\/td><\/tr><tr><td><strong>07:00<\/strong><\/td><td>\u015ap. Jaros\u0142aw Rybi\u0144ski (21 Msza gregoria\u0144ska)<\/td><\/tr><tr><td><strong>18:00<\/strong><\/td><td>\u015ap. Wies\u0142awa (k) Wysocka (1 rocz. \u015bm.)<\/td><\/tr><tr><td><strong>18:00<\/strong><\/td><td>W rocznic\u0119 18 urodzin Julii: o Bo\u017ce b\u0142ogos\u0142awie\u0144stwo, dary Ducha \u015bw. i opiek\u0119 Maryi<\/td><\/tr><tr><td><strong>18:00<\/strong><\/td><td>\u015ap. zmarli rodzice: Michalina i J\u00f3zef Czarneccy, Helena i Stefan \u017bmudzi\u0144scy i rodze\u0144stwo: Urszula i Roman<\/td><\/tr><tr><td colspan=\"2\"><strong>Niedziela 26.04.2026 &#8211; <em>IV Niedziela Wielkanocna<\/em><\/strong><em><\/em><\/td><\/tr><tr><td><strong>07:00<\/strong><\/td><td>\u015ap. Alina, Czes\u0142aw (m) Grabowscy, W\u0142adys\u0142awa (k), J\u00f3zef, Jerzy Kasprzyccy, J\u00f3zef Gemba, Krystyna Wolska<\/td><\/tr><tr><td><strong>08:15<\/strong><\/td><td>\u015ap. Jan i Jadwiga Przytu\u0142a (rocz. \u015bm.)<\/td><\/tr><tr><td><strong>08:15<\/strong><\/td><td>\u015ap. Wanda, Bronis\u0142aw Wi\u015bniewscy, Ludwika (k), J\u00f3zef Zalewscy, Wiktor Zalewski, Zdzis\u0142aw Oko\u0144ski, Boles\u0142aw Kie\u0142czewski, Roman Bogacki<\/td><\/tr><tr><td><strong>09:30<\/strong><\/td><td>\u015ap. Jaros\u0142aw Rybi\u0144ski (22 Msza gregoria\u0144ska)<\/td><\/tr><tr><td><strong>09:30<\/strong><\/td><td>\u015ap. Grzegorz, W\u0142adys\u0142aw (m), Sylwester, El\u017cbieta Lingo i zmarli rodzice: Teresa, Kazimierz i brat Kazmierza Markowskich<\/td><\/tr><tr><td><strong>10:45<\/strong><\/td><td>\u015ap. Kazimierz Bonis\u0142awski (1 rocz. \u015bm.)<\/td><\/tr><tr><td><strong>10:45<\/strong><\/td><td>O \u0142ask\u0119 nieba dla Ma\u0142gorzaty Kowalskiej (1 rocz. \u015bm.) i jej c\u00f3rki El\u017cbiety Ewertowskiej (4 rocz. \u015bm.)<\/td><\/tr><tr><td><strong>12:00<\/strong><\/td><td>O Bo\u017ce b\u0142ogos\u0142awie\u0144stwo i potrzebne \u0142aski dla Krystyny Leliwy z okazji 70 urodzin<\/td><\/tr><tr><td><strong>12:00<\/strong><\/td><td>\u015ap. Tomasz Meyka (1 rocz. \u015bm.)<\/td><\/tr><tr><td><strong>13:15<\/strong><\/td><td>\u015ap. siostra Zyta Pupek (38 rocz. \u015bm.), brat Jan Lewandowski (10 rocz. \u015bm.)<\/td><\/tr><tr><td><strong>13:15<\/strong><\/td><td>O Bo\u017ce b\u0142ogos\u0142awie\u0144stwo i potrzebne \u0142aski dla c\u00f3rki Urszuli z okazji 1 rocz. urodzin<\/td><\/tr><tr><td><strong>18:00<\/strong><\/td><td>\u015ap. Tomasz (1 rocz. \u015bm.) i Boles\u0142aw Zomkowscy<\/td><\/tr><\/tbody><\/table><\/figure>\n","protected":false},"excerpt":{"rendered":"<p>Og\u0142oszenia duszpasterskie 19.04.2026 r. &#8211; III Niedziela Wielkanocna 1. Trzecia Niedziela Wielkanocy obchodzona jest w Ko\u015bciele w Polsce jako Niedziela Biblijna, rozpoczyna ona og\u00f3lnopolski Tydzie\u0144 Biblijny, kt\u00f3rego celem jest zach\u0119ta do czytania i medytacji Pisma \u015awi\u0119tego. 2. W minion\u0105 sobot\u0119 grupa ponad 50 os\u00f3b z naszej parafii i nie tylko, wraz z Ksi\u0119dzem Dawidem i&#8230;<\/p>\n","protected":false},"author":1,"featured_media":52862,"template":"","meta":{"_acf_changed":false},"sermons-category":[],"class_list":["post-52861","sermon","type-sermon","status-publish","has-post-thumbnail","hentry"],"acf":[],"_links":{"self":[{"href":"https:\/\/niepokalana.ilawa.pl\/index.php\/wp-json\/wp\/v2\/sermon\/52861","targetHints":{"allow":["GET"]}}],"collection":[{"href":"https:\/\/niepokalana.ilawa.pl\/index.php\/wp-json\/wp\/v2\/sermon"}],"about":[{"href":"https:\/\/niepokalana.ilawa.pl\/index.php\/wp-json\/wp\/v2\/types\/sermon"}],"author":[{"embeddable":true,"href":"https:\/\/niepokalana.ilawa.pl\/index.php\/wp-json\/wp\/v2\/users\/1"}],"version-history":[{"count":2,"href":"https:\/\/niepokalana.ilawa.pl\/index.php\/wp-json\/wp\/v2\/sermon\/52861\/revisions"}],"predecessor-version":[{"id":52864,"href":"https:\/\/niepokalana.ilawa.pl\/index.php\/wp-json\/wp\/v2\/sermon\/52861\/revisions\/52864"}],"wp:featuredmedia":[{"embeddable":true,"href":"https:\/\/niepokalana.ilawa.pl\/index.php\/wp-json\/wp\/v2\/media\/52862"}],"wp:attachment":[{"href":"https:\/\/niepokalana.ilawa.pl\/index.php\/wp-json\/wp\/v2\/media?parent=52861"}],"wp:term":[{"taxonomy":"sermons-category","embeddable":true,"href":"https:\/\/niepokalana.ilawa.pl\/index.php\/wp-json\/wp\/v2\/sermons-category?post=52861"}],"curies":[{"name":"wp","href":"https:\/\/api.w.org\/{rel}","templated":true}]}}