{"id":52866,"date":"2026-04-26T06:54:22","date_gmt":"2026-04-26T04:54:22","guid":{"rendered":"https:\/\/niepokalana.ilawa.pl\/?post_type=sermon&#038;p=52866"},"modified":"2026-04-26T06:54:23","modified_gmt":"2026-04-26T04:54:23","slug":"biuletyn-parafialny-16-2026-26-04-2026-r","status":"publish","type":"sermon","link":"https:\/\/niepokalana.ilawa.pl\/index.php\/sermon\/biuletyn-parafialny-16-2026-26-04-2026-r\/","title":{"rendered":"Biuletyn parafialny 16\/2026 \u2013 26.04.2026 r."},"content":{"rendered":"\n<p class=\"has-large-font-size\">Og\u0142oszenia duszpasterskie 26.04.2026 r. &#8211; IV Niedziela Wielkanocna<\/p>\n\n\n\n<p>1.&nbsp; Czwarta Niedziela Wielkanocy obchodzona jest w Ko\u015bciele jako Niedziela Dobrego Pasterza, rozpoczyna ona Tydzie\u0144 Modlitw o powo\u0142ania do kap\u0142a\u0144stwa i \u017cycia konsekrownego. M\u00f3dlmy si\u0119 szczeg\u00f3lnie o powo\u0142ania z naszej parafii.<\/p>\n\n\n\n<p>2. W pi\u0105tek rozpoczyna si\u0119 maj, miesi\u0105c maryjny. Nabo\u017ce\u0144stwo majowe w naszym ko\u015bciele codziennie o godzinie 17.30.<\/p>\n\n\n\n<p>3. Z racji przypadaj\u0105cej 3 maja kolejnej Niedzieli Wielkanocnej Uroczysto\u015b\u0107 Naj\u015bwi\u0119tszej Maryi Panny Kr\u00f3lowej Polski (obchodzona 3 maja) zosta\u0142a przeniesiona na sobot\u0119 2 maja. W tym dniu zostanie odprawiona dodatkowa Msza \u015bw. o godzinie 11.00. W \u015brod\u0119 29 maja obchodzimy \u015awi\u0119to \u015bw. Katarzyny Siene\u0144skiej, a 1 maja wspominamy \u015bw. J\u00f3zefa Robotnika.<\/p>\n\n\n\n<p>4. W tym tygodniu przypada pierwszy pi\u0105tek i sobota miesi\u0105ca. W pierwszy pi\u0105tek i sobot\u0119 chcemy wynagradza\u0107 Naj\u015bwi\u0119tszemu Sercu Pana Jezusa i Niepokalanemu Sercu Maryi. W pierwszy pi\u0105tek spowied\u017a \u015bwi\u0119ta od godziny 17.15, przed Msza \u015bw. o godzinie 17.30 od\u015bpiewamy Litani\u0119 Loreta\u0144sk\u0105. W pierwsz\u0105 sobot\u0119 o godzinie 6.20 r\u00f3\u017caniec wynagradzaj\u0105cy (poprzedzony rozwa\u017caniami), nast\u0119pnie Msza \u015bw. z kazaniem, a na zako\u0144czenie indywidualne b\u0142ogos\u0142awie\u0144stwo Naj\u015bwi\u0119tszym Sakramentem.<\/p>\n\n\n\n<p>5. Chorych z pos\u0142ug\u0105 sakramentaln\u0105 kap\u0142ani odwiedz\u0105 w przysz\u0142ym tygodniu 8 i 9 maja: ks. Aleksander w pi\u0105tek od 9.00, ks. Dawid w pi\u0105tek i sobot\u0119 od 9.00, Ks. Piotr w pi\u0105tek od 9.00 (Smolniki, D\u00f3\u0142, \u0141awice i Osiedle Lubawskie) i w sobot\u0119 od 8.30 (I\u0142awa).<\/p>\n\n\n\n<p>6. Kancelaria parafialna w tym tygodniu czynna w sta\u0142ym porz\u0105dku: poniedzia\u0142ek w godzinach 9.00 &#8211; 10.00, czwartek 16.00-17.00, pi\u0105tek 9.00-10.00 i 16.00-17.00.<\/p>\n\n\n\n<p>7. Od 11 maja w godzinach urz\u0119dowania kancelarii b\u0119dzie mo\u017cna zamawia\u0107 intencje mszalne na przysz\u0142y rok 2027.<\/p>\n\n\n\n<p>8. Dzisiaj o godzinie 19.00 w naszym Ko\u015bciele odb\u0119dzie si\u0119 kolejny Wiecz\u00f3r Uwielbienia prowadzony przez Wsp\u00f3lnot\u0119 odnowy w Duchu \u015awi\u0119tym. Serdecznie zapraszamy.<\/p>\n\n\n\n<p>9. B\u00f3g zap\u0142a\u0107 za \u017cyczliwo\u015b\u0107 i trosk\u0119 o nasz\u0105 parafi\u0119. Trwa wymiana pokrycia schod\u00f3w przed g\u0142\u00f3wnym wej\u015bciem do Ko\u015bcio\u0142a. Ponadto trwa gruntowny remont zakrystii (wymiana instalacji, prace hydrauliczne). W minionym tygodniu zosta\u0142o zamontowane zewn\u0119trzne nag\u0142o\u015bnienie ko\u015bcio\u0142a, niezb\u0119dne w czasie procesji wok\u00f3\u0142 ko\u015bcio\u0142a: nabo\u017ce\u0144stwo fatimskie, oktawa Bo\u017cego Cia\u0142a, rezurekcja. Ponadto zosta\u0142 zamontowany ods\u0142uch dla Pana Organisty i specjalny mikser- wspomagacz nag\u0142o\u015bnienia dla scholii muzycznej na ch\u00f3rze, zainstalowane zosta\u0142y tak\u017ce przy o\u0142tarzach bocznych dodatkowe gniazdka umo\u017cliwiaj\u0105ce podpi\u0119cie mikrofon\u00f3w na statywach- jest to niezb\u0119dne w czasie \u015brodowej nowenny, chrztu czy pogrzebu.&nbsp; To potrzebna inwestycja. Ofiary zbierane na tac\u0119 w niedziele 10 maja b\u0119d\u0105 przeznaczone na sp\u0142at\u0119 tej inwestycji. B\u00f3g zap\u0142a\u0107 raz jeszcze za wszelkie dobro.<\/p>\n\n\n\n<p>10.  Serdecznie zapraszamy na spotkanie organizacyjne wsp\u00f3lnoty Margaretki w najbli\u017csz\u0105 \u015brod\u0119 29.04.2026 r. po wieczornej Mszy \u015bwi\u0119tej w salce przy plebanii.<\/p>\n\n\n\n<p>11. Do pi\u0105tkowego sprz\u0105tania ko\u015bcio\u0142a prosimy Parafian z ulicy: Wojska Polskiego.<\/p>\n\n\n\n<p>12. Przy wyj\u015bciu z ko\u015bcio\u0142a tradycyjnie do nabycia nowy numer \u201eGo\u015bcia Niedzielnego\u201d. Zach\u0119camy tak\u017ce do zabierania Biuletynu parafialnego.<\/p>\n\n\n\n<p>13. W minionym tygodniu po\u017cegnali\u015bmy:<\/p>\n\n\n\n<p>\u015ap. Danuta Zakrzewska, lat 82, z Wikielca<\/p>\n\n\n\n<p>\u015ap. Halina Wasilewska, lat 71, ul. 1 Maja<\/p>\n\n\n\n<p class=\"has-text-align-center has-large-font-size\">INTENCJE MSZALNE<\/p>\n\n\n\n<figure class=\"wp-block-table\"><table class=\"has-fixed-layout\"><tbody><tr><td><strong>07:00<\/strong><\/td><td>\u015ap. Jaros\u0142aw Rybi\u0144ski (23 Msza gregoria\u0144ska)<\/td><\/tr><tr><td><strong>07:00<\/strong><\/td><td>\u015ap. Teresa Mularska i zmarli z rodziny<\/td><\/tr><tr><td><strong>07:00<\/strong><\/td><td>\u015ap. Henryk Szybowski (Msza popogrzebowa)<\/td><\/tr><tr><td><strong>18:00<\/strong><\/td><td>\u015ap. bratowa Bernadetta Dolecka (rocz. \u015bm.)<\/td><\/tr><tr><td><strong>18:00<\/strong><\/td><td>\u015ap. Renata i Henryk Namso\u0142ek<\/td><\/tr><tr><td><strong>18:00<\/strong><\/td><td>\u015ap. Grzegorz Witkowski<\/td><\/tr><tr><td colspan=\"2\"><strong>Wtorek 28.04.2026 <\/strong><em><\/em><\/td><\/tr><tr><td><strong>07:00<\/strong><\/td><td>\u015ap. Jaros\u0142aw Rybi\u0144ski (24 Msza gregoria\u0144ska)<\/td><\/tr><tr><td><strong>07:00<\/strong><\/td><td>\u015ap. Halina i Tadeusz oraz zmarli z rodziny<\/td><\/tr><tr><td><strong>18:00<\/strong><\/td><td>\u015ap. Piotr Polkowski (10 rocz. \u015bm.)<\/td><\/tr><tr><td><strong>18:00<\/strong><\/td><td>\u015ap. Stanis\u0142awa (k) Ko\u0142akowska (11 rocz. \u015bm.)<\/td><\/tr><tr><td><strong>18:00<\/strong><\/td><td>\u00a0Wanda i Feliks Zieli\u0144scy i zmarli rodzice z obojga stron<\/td><\/tr><tr><td colspan=\"2\"><strong>\u015aroda 29.04.2026 &#8211; <em>\u015awi\u0119to \u015bw. Katarzyny ze Sieny, dziewicy i doktora Ko\u015bcio\u0142a, patronki Europy<\/em><\/strong><strong><\/strong><\/td><\/tr><tr><td><strong>07:00<\/strong><\/td><td>\u015ap. Jaros\u0142aw Rybi\u0144ski (25 Msza gregoria\u0144ska)<\/td><\/tr><tr><td><strong>07:00<\/strong><\/td><td>\u015ap. Grzegorz Wejnarski (8 rocz. \u015bm.), Monika i Walenty Gramann (rodzice), Aniela i Stefan Wejnarscy (te\u015bciowie) i zmarli z rodziny<\/td><\/tr><tr><td><strong>07:00<\/strong><\/td><td>Msza dzi\u0119kczynna za \u0142aski otrzymane w rodzinie z pro\u015bb\u0105 o Bo\u017ce b\u0142ogos\u0142awie\u0144stwo w rozwi\u0105zywaniu w niej problem\u00f3w<\/td><\/tr><tr><td><strong>18:00<\/strong><\/td><td>\u015ap. Piotr Podrojewski (36 rocz. \u015bm.)<\/td><\/tr><tr><td><strong>18:00<\/strong><\/td><td>\u015ap. Malwina, Leonard, Zbigniew Dajnowicz<\/td><\/tr><tr><td><strong>18:00<\/strong><\/td><td>Msza dzi\u0119kczynno-b\u0142agalna w 59 rocz. \u015blubu Jadwigi i Kazimierza<\/td><\/tr><tr><td><strong>18:00<\/strong><\/td><td>O dar nieba dla \u015bp. Jerzego Zab\u0142otnego<\/td><\/tr><tr><td colspan=\"2\"><strong>Czwartek 30.04.2026<\/strong><strong><em><\/em><\/strong><\/td><\/tr><tr><td><strong>07:00<\/strong><\/td><td>\u015ap. Jaros\u0142aw Rybi\u0144ski (26 Msza gregoria\u0144ska)<\/td><\/tr><tr><td><strong>07:00<\/strong><\/td><td>\u015ap. J\u00f3zef, Irena Kowalczyk, Janina i Aleksander Elmerych<\/td><\/tr><tr><td><strong>07:00<\/strong><\/td><td>\u015ap. Zbigniew Bara\u0144ski (intencja mszalna of firmy pogrzebowej \u201eEden\u201d z Susza)<\/td><\/tr><tr><td><strong>18:00<\/strong><\/td><td>Dzi\u0119kczynna z okazji rocznicy ma\u0142ze\u0144stwa z pro\u015bb\u0105 o dalsze b\u0142ogos\u0142awie\u0144stwo dla: Teresy i Mariana ora Marzeny i Artura<\/td><\/tr><tr><td><strong>18:00<\/strong><\/td><td>\u015ap. Jerzy (we wspomn. imienin), syn Cezary (rocz. \u015bm.), rodzice i rodze\u0144stwo z obojga stron<\/td><\/tr><tr><td><strong>18:00<\/strong><\/td><td>O dar nieba dla \u015bp. Jana Michalskiego (1 rocz. \u015bm)<\/td><\/tr><tr><td colspan=\"2\"><strong>Pi\u0105tek 01.05.2026 \u2013 <em>Wspomnienie \u015bw. J\u00f3zefa, rzemie\u015blnika<\/em><\/strong><em><\/em><\/td><\/tr><tr><td><strong>07:00<\/strong><\/td><td>O dary Ducha \u015bw. i Bo\u017ce b\u0142ogos\u0142awie\u0144stwo dla dzieci, wnuk\u00f3w i prawnuk\u00f3w, aby Pan Jezus umacnia\u0142 ich na drodze wiary, nadziei i mi\u0142o\u015bci<\/td><\/tr><tr><td><strong>07:00<\/strong><\/td><td>\u015ap. Walentyna Maci\u0105g (Msza popogrzebowa)<\/td><\/tr><tr><td><strong>18:00<\/strong><\/td><td>\u015ap. Marek Mech (w dniu urodzin)<\/td><\/tr><tr><td><strong>18:00<\/strong><\/td><td>\u015ap. Jaros\u0142aw Rybi\u0144ski (27 Msza gregoria\u0144ska)<\/td><\/tr><tr><td><strong>18:00<\/strong><\/td><td>\u015ap. Aleksander Szpakowski (1 Msza gregoria\u0144ska)<\/td><\/tr><tr><td><strong>18:00<\/strong><\/td><td>Msza wynagradzaj\u0105ca NSPJ od \u017bywego R\u00f3\u017ca\u0144ca<\/td><\/tr><tr><td colspan=\"2\"><strong>Sobota 02.05.2026 \u2013 <em>Uroczysto\u015b\u0107 NMP Kr\u00f3lowej Polski<\/em><\/strong><em><\/em><\/td><\/tr><tr><td><strong>07:00<\/strong><\/td><td>\u015ap. Jaros\u0142aw Rybi\u0144ski (28 Msza gregoria\u0144ska)<\/td><\/tr><tr><td><strong>07:00<\/strong><\/td><td>Msza w intencji dzieci obj\u0119tych modlitw\u0105 rodzic\u00f3w z \u017bywego R\u00f3\u017ca\u0144ca<\/td><\/tr><tr><td><strong>07:00<\/strong><\/td><td>Msza dzi\u0119kczynno-b\u0142agalna z okazji 56 urodzin Roberta z pro\u015bb\u0105 o Bo\u017ce b\u0142ogos\u0142awie\u0144stwo, opiek\u0119 Maryi i \u015bw. Micha\u0142a Archanio\u0142a<\/td><\/tr><tr><td><strong>18:00<\/strong><\/td><td>\u015ap. Tadeusz, Dariusz Go\u0142aszewscy, Piotr, Katarzyna Sa\u0142ek<\/td><\/tr><tr><td><strong>18:00<\/strong><\/td><td>\u015ap. Aleksander Szpakowski (2 Msza gregoria\u0144ska)<\/td><\/tr><tr><td colspan=\"2\"><strong>Niedziela 03.05.2026 &#8211; <em>V Niedziela Wielkanocna<\/em><\/strong><em><\/em><\/td><\/tr><tr><td><strong>07:00<\/strong><\/td><td>\u015ap. Jaros\u0142aw Rybi\u0144ski (29 Msza gregoria\u0144ska)<\/td><\/tr><tr><td><strong>08:15<\/strong><\/td><td>\u015ap. Aleksander Szpakowski (3 Msza gregoria\u0144ska)<\/td><\/tr><tr><td><strong>08:15<\/strong><\/td><td>\u015ap. Teresa, Stanis\u0142aw, Zdzis\u0142aw, Oflakowscy, siostry: Ma\u0142gorzata i Barbara, szwagrowie: Edmund i Zdzis\u0142aw i zmarli z rodziny<\/td><\/tr><tr><td><strong>09:30<\/strong><\/td><td>\u015ap. Jadwiga Iwanowska (7 rocz. \u015bm.) i zmarli z rodziny<\/td><\/tr><tr><td><strong>09:30<\/strong><\/td><td>\u015ap. Maria (rocz. urodzin) i Zbigniew \u017burawscy<\/td><\/tr><tr><td><strong>10:45<\/strong><\/td><td>O Bo\u017ce b\u0142ogos\u0142awie\u0144stwo i potrzebne \u0142aski dla Ignacego (7 rocz. urodzin), dla brata Aleksandra i ich rodzic\u00f3w<\/td><\/tr><tr><td><strong>12:00<\/strong><\/td><td>O Bo\u017ce b\u0142ogos\u0142awie\u0144stwo i opiek\u0119 Maryi dla Adama z okazji urodzin<\/td><\/tr><tr><td><strong>12:00<\/strong><\/td><td>Msza dzi\u0119kczynna z okazji 40 rocznicy sakramentu ma\u0142\u017ce\u0144stwa Barbary i Eugeniusza Lewandowskich z pro\u015bb\u0105 o Bo\u017ce b\u0142ogos\u0142awie\u0144\u015btwo i potrzebne \u0142aski dla Jubilat\u00f3w i ich rodziny<\/td><\/tr><tr><td><strong>13:15<\/strong><\/td><td>\u015ap. Dobiesz Konrad (19 rocz. \u015bm.)<\/td><\/tr><tr><td><strong>13:15<\/strong><\/td><td>\u015ap. Maria i Zbigniew \u017burawscy<\/td><\/tr><tr><td><strong>18:00<\/strong><\/td><td>\u015ap. Maria i Kazimierz Pakuszewscy, bracia: Stanis\u0142aw i Kazimierz i dziadkowie z obojga stron<\/td><\/tr><\/tbody><\/table><\/figure>\n","protected":false},"excerpt":{"rendered":"<p>Og\u0142oszenia duszpasterskie 26.04.2026 r. &#8211; IV Niedziela Wielkanocna 1.&nbsp; Czwarta Niedziela Wielkanocy obchodzona jest w Ko\u015bciele jako Niedziela Dobrego Pasterza, rozpoczyna ona Tydzie\u0144 Modlitw o powo\u0142ania do kap\u0142a\u0144stwa i \u017cycia konsekrownego. M\u00f3dlmy si\u0119 szczeg\u00f3lnie o powo\u0142ania z naszej parafii. 2. W pi\u0105tek rozpoczyna si\u0119 maj, miesi\u0105c maryjny. Nabo\u017ce\u0144stwo majowe w naszym ko\u015bciele codziennie o godzinie&#8230;<\/p>\n","protected":false},"author":1,"featured_media":52867,"template":"","meta":{"_acf_changed":false},"sermons-category":[],"class_list":["post-52866","sermon","type-sermon","status-publish","has-post-thumbnail","hentry"],"acf":[],"_links":{"self":[{"href":"https:\/\/niepokalana.ilawa.pl\/index.php\/wp-json\/wp\/v2\/sermon\/52866","targetHints":{"allow":["GET"]}}],"collection":[{"href":"https:\/\/niepokalana.ilawa.pl\/index.php\/wp-json\/wp\/v2\/sermon"}],"about":[{"href":"https:\/\/niepokalana.ilawa.pl\/index.php\/wp-json\/wp\/v2\/types\/sermon"}],"author":[{"embeddable":true,"href":"https:\/\/niepokalana.ilawa.pl\/index.php\/wp-json\/wp\/v2\/users\/1"}],"version-history":[{"count":1,"href":"https:\/\/niepokalana.ilawa.pl\/index.php\/wp-json\/wp\/v2\/sermon\/52866\/revisions"}],"predecessor-version":[{"id":52868,"href":"https:\/\/niepokalana.ilawa.pl\/index.php\/wp-json\/wp\/v2\/sermon\/52866\/revisions\/52868"}],"wp:featuredmedia":[{"embeddable":true,"href":"https:\/\/niepokalana.ilawa.pl\/index.php\/wp-json\/wp\/v2\/media\/52867"}],"wp:attachment":[{"href":"https:\/\/niepokalana.ilawa.pl\/index.php\/wp-json\/wp\/v2\/media?parent=52866"}],"wp:term":[{"taxonomy":"sermons-category","embeddable":true,"href":"https:\/\/niepokalana.ilawa.pl\/index.php\/wp-json\/wp\/v2\/sermons-category?post=52866"}],"curies":[{"name":"wp","href":"https:\/\/api.w.org\/{rel}","templated":true}]}}